{"id":3424,"date":"2019-09-17T12:57:54","date_gmt":"2019-09-17T09:57:54","guid":{"rendered":"https:\/\/vemarcoatings.com\/privacy-policy\/"},"modified":"2025-10-09T12:06:53","modified_gmt":"2025-10-09T09:06:53","slug":"privacy-policy","status":"publish","type":"page","link":"https:\/\/vemarcoatings.com\/hu\/privacy-policy\/","title":{"rendered":"Adatv\u00e9delmi szab\u00e1lyzat \u00e9s felhaszn\u00e1l\u00e1si felt\u00e9telek"},"content":{"rendered":"\r\n<p>Ez az oldal azokra a szem\u00e9lyes adataira vonatkoz\u00f3 adatkezel\u00e9si szab\u00e1lyzatot ismerteti, amelyek a www.vemarcoatings.com oldal felkeres\u00e9se sor\u00e1n ker\u00fclnek \u00f6sszegy\u0171jt\u00e9sre, felhaszn\u00e1l\u00e1sra \u00e9s megoszt\u00e1sra.<\/p>\r\n\r\n\r\n\r\n<h3 class=\"wp-block-heading\">AZ \u00c1LTALUNK GY\u0170JT\u00d6TT SZEM\u00c9LYES ADATOK<\/h3>\r\n\r\n\r\n\r\n<p>Amikor ell\u00e1togat a honlapra, automatikusan inform\u00e1ci\u00f3kat gy\u0171jt\u00fcnk a k\u00e9sz\u00fcl\u00e9k\u00e9r\u0151l, ide\u00e9rtve a webb\u00f6ng\u00e9sz\u0151j\u00e9t, IP-c\u00edm\u00e9t, id\u0151z\u00f3n\u00e1j\u00e1t, ill. egyes, az \u00d6n k\u00e9sz\u00fcl\u00e9k\u00e9re telep\u00edtett s\u00fctikr\u0151l sz\u00f3l\u00f3 inform\u00e1ci\u00f3kat. Ezenk\u00edv\u00fcl inform\u00e1ci\u00f3t gy\u0171jt\u00fcnk az \u00d6n \u00e1ltal l\u00e1togatott honlapokr\u00f3l vagy term\u00e9kekr\u0151l, ill. hogy milyen honlapokr\u00f3l vagy keres\u0151sz\u00f3 seg\u00edts\u00e9g\u00e9vel jutott oda.<br \/>Az adatok gy\u0171jt\u00e9se az al\u00e1bbi technol\u00f3gi\u00e1kkal t\u00f6rt\u00e9nik:<br \/>S\u00fctik: A s\u00fctik olyan adatf\u00e1jlok, amelyeket az \u00d6n k\u00e9sz\u00fcl\u00e9k\u00e9n helyez\u00fcnk el, \u00e9s gyakran anonim egyedi azonos\u00edt\u00f3t tartalmaznak a bejelentkez\u00e9si inform\u00e1ci\u00f3k \u00e9s a k\u00e9perny\u0151n be\u00e1ll\u00edtott opci\u00f3k elt\u00e1rol\u00e1s\u00e1hoz. A s\u00fctik nem tartalmaznak szem\u00e9lyes adatokat.<br \/>A s\u00fctikr\u0151l \u00e9s letilt\u00e1sukr\u00f3l tov\u00e1bbi inform\u00e1ci\u00f3k tal\u00e1lhat\u00f3k itt: https:\/\/www.allaboutcookies.org.<br \/>Kapcsolatfelv\u00e9teli \u0171rlap: A kapcsolatfelv\u00e9teli \u0171rlap haszn\u00e1latakor a nev\u00e9t, telefonsz\u00e1m\u00e1t, e-mail c\u00edm\u00e9t, orsz\u00e1g\u00e1t, honlapja URL-j\u00e9t kell megadnia a nek\u00fcnk k\u00fcldend\u0151 \u00fczenet mellett.<br \/>Amikor az adatkezel\u00e9si szab\u00e1lyzat a \u201eSzem\u00e9lyes adatokra\u201d hivatkozik, ezalatt a k\u00e9sz\u00fcl\u00e9kekre vonatkoz\u00f3 \u00e9s a kapcsolatfelv\u00e9teli inform\u00e1ci\u00f3k is \u00e9rtend\u0151k.<br \/>M\u00e1s honlapokr\u00f3l sz\u00e1rmaz\u00f3 be\u00e1gyazott tartalmak<br \/>A honlapon megjelen\u0151 cikkekben be\u00e1gyazott tartalom is lehet (pl. vide\u00f3k, k\u00e9pek, cikkek stb.). A m\u00e1s honlapokr\u00f3l sz\u00e1rmaz\u00f3 be\u00e1gyazott tartalmak ugyan\u00fagy viselkednek, mintha a honlapon b\u00f6ng\u00e9sz\u0151 szem\u00e9ly arra az adott honlapra l\u00e1togatott volna el.<br \/>Ezek a honlapok adatokat gy\u0171jthetnek \u00d6nr\u0151l, s\u00fctiket haszn\u00e1lhatnak, harmadik felek \u00e1ltali kieg\u00e9sz\u00edt\u0151 nyomon k\u00f6vet\u00e9st alkalmazhatnak, \u00e9s monitorozhatj\u00e1k az \u00d6n interakci\u00f3j\u00e1t ezzel a be\u00e1gyazott tartalommal.<\/p>\r\n\r\n\r\n\r\n<h3 class=\"wp-block-heading\">HOGYAN HASZN\u00c1LJUK FEL AZ \u00d6N SZEM\u00c9LYES ADATAIT?<\/h3>\r\n\r\n\r\n\r\n<p>A kapcsolatfelv\u00e9teli \u0171rlapon megadott inform\u00e1ci\u00f3kat arra haszn\u00e1ljuk, hogy jobban meg\u00e9rts\u00fck k\u00e9rd\u00e9seit, \u00e9s a lehet\u0151 legjobb v\u00e1laszokat adhassuk r\u00e1. Ezeket az inform\u00e1ci\u00f3kat meg\u0151rizz\u00fck sz\u00e1m\u00edt\u00f3g\u00e9pes rendszereinkben, kiv\u00e9ve, ha \u00d6n \u00e9l az adatok t\u00f6rl\u00e9s\u00e9hez val\u00f3 jog\u00e1val. E-mailben vagy telefonon vessz\u00fck fel \u00d6nnel a kapcsolatot, hogy jelezz\u00fck, k\u00e9r\u00e9s\u00e9nek eleget tett\u00fcnk. Ezt saj\u00e1t, legitim \u00e9rdek\u00fcnknek megfelel\u0151en v\u00e9gezz\u00fck, hogy biztos\u00edtsuk \u00d6nnek a k\u00e9rt inform\u00e1ci\u00f3kat.<br \/>Az \u00d6n k\u00e9sz\u00fcl\u00e9k\u00e9nek inform\u00e1ci\u00f3it p\u00e9ld\u00e1ul honlapunk jav\u00edt\u00e1s\u00e1ra \u00e9s optimaliz\u00e1l\u00e1s\u00e1ra haszn\u00e1ljuk fel (p\u00e9ld\u00e1ul \u00e1ltaluk r\u00e9szletes betekint\u00e9st nyer\u00fcnk abba, hogy \u00fcgyfeleink mik\u00e9nt haszn\u00e1lj\u00e1k a honlapot, valamint hirdet\u00e9si kamp\u00e1nyaink siker\u00e9nek \u00e9rt\u00e9kel\u00e9s\u00e9re haszn\u00e1ljuk \u0151ket).<\/p>\r\n\r\n\r\n\r\n<h3 class=\"wp-block-heading\">AZ \u00d6N SZEM\u00c9LYES ADATAINAK MEGOSZT\u00c1SA<\/h3>\r\n\r\n\r\n\r\n<p>Szem\u00e9lyes inform\u00e1ci\u00f3it olyan harmadik felekkel osztjuk meg, akik seg\u00edtenek benn\u00fcnket annak meg\u00e9rt\u00e9s\u00e9ben, hogy \u00fcgyfeleink hogyan haszn\u00e1lj\u00e1k a honlapot, mint pl. a Google Analytics \u2013 tov\u00e1bbi inform\u00e1ci\u00f3 arr\u00f3l, hogy a Google hogyan haszn\u00e1lja a szem\u00e9lyes adatokat itt tal\u00e1lhat\u00f3: https:\/\/www.google.com\/intl\/en\/policies\/privacy. A Google Analyticsb\u0151l itt is kil\u00e9phet: https:\/\/tools.google.com\/dlpage\/gaoptout.<br \/>V\u00e9gezet\u00fcl k\u00f6telesek vagyunk honlapunk l\u00e1togat\u00f3inak szem\u00e9lyes adatait \u00e1tadni, ha ezt a jelenlegi int\u00e9zm\u00e9nyi keretrendszer vagy szab\u00e1lyoz\u00f3 hat\u00f3s\u00e1g megk\u00f6veteli, vagy f\u00fcggetlen b\u00edr\u00f3s\u00e1gi v\u00e9gz\u00e9s \u00edrja el\u0151.<br \/>Semmilyen esetben nem adjuk \u00e1t honlapunk l\u00e1togat\u00f3inak szem\u00e9lyes adatait harmadik feleknek.<\/p>\r\n\r\n\r\n\r\n<h3 class=\"wp-block-heading\"><span data-sheets-root=\"1\" data-sheets-value=\"{&quot;1&quot;:2,&quot;2&quot;:&quot;JOGOK&quot;}\" data-sheets-userformat=\"{&quot;2&quot;:14785,&quot;3&quot;:{&quot;1&quot;:0,&quot;3&quot;:1},&quot;9&quot;:0,&quot;10&quot;:1,&quot;11&quot;:4,&quot;14&quot;:{&quot;1&quot;:2,&quot;2&quot;:0},&quot;15&quot;:&quot;Calibri&quot;,&quot;16&quot;:11}\" data-sheets-textstyleruns=\"{&quot;1&quot;:0,&quot;2&quot;:{&quot;2&quot;:{&quot;1&quot;:2,&quot;2&quot;:0},&quot;3&quot;:&quot;Calibri&quot;,&quot;4&quot;:11}}\">JOGOK<\/span><\/h3>\r\n\r\n\r\n\r\n<p>Az Eur\u00f3pai Uni\u00f3 lakosak\u00e9nt, valamint az \u00c1ltal\u00e1nos adatv\u00e9delmi rendelet (GDPR) \u00e9rtelm\u00e9ben \u00d6nnek az al\u00e1bbiakhoz van joga:<\/p>\r\n\r\n\r\n\r\n<ul>\r\n<li>T\u00e1j\u00e9koztat\u00e1s: \u00d6nnek joga van tudnia, ki kezeli az \u00d6n adatait, \u00e9s milyen c\u00e9llal.<\/li>\r\n<li>Hozz\u00e1f\u00e9rhet\u0151s\u00e9g: \u00d6nnek joga van hozz\u00e1f\u00e9r\u00e9st k\u00e9rnie szem\u00e9lyes adataihoz.<\/li>\r\n<li>Jav\u00edt\u00e1s: Joga van a pontatlan szem\u00e9lyes adatok jav\u00edt\u00e1s\u00e1t, ill. hi\u00e1nyz\u00f3 adatok p\u00f3tl\u00e1s\u00e1t k\u00e9rni.<\/li>\r\n<li>T\u00f6rl\u00e9s (\u201eaz elfeledtet\u00e9shez val\u00f3 jog\u201d): Joga van szem\u00e9lyes adatainak t\u00f6rl\u00e9s\u00e9t k\u00e9rni bizonyos k\u00f6r\u00fclm\u00e9nyek mellett, p\u00e9ld\u00e1ul, ha az adatokra m\u00e1r nincs sz\u00fcks\u00e9g, \u00d6n visszavonta a hozz\u00e1j\u00e1rul\u00e1s\u00e1t,<\/li>\r\n<li>az adatok kezel\u00e9s\u00e9re illeg\u00e1lisan ker\u00fclt sor, stb.<\/li>\r\n<li>Az adatkezel\u00e9s korl\u00e1toz\u00e1sa: Joga van a szem\u00e9lyes adatai kezel\u00e9s\u00e9nek korl\u00e1toz\u00e1s\u00e1t k\u00e9rni, ha annak pontoss\u00e1ga megk\u00e9rd\u0151jelezhet\u0151, ha az adatkezel\u00e9s illeg\u00e1lis, az adatokra az adatkezel\u0151nek m\u00e1r<\/li>\r\n<li>nincs sz\u00fcks\u00e9ge, vagy ellenzi az adatai automatikus kezel\u00e9s\u00e9t.<\/li>\r\n<li>Adatok hordozhat\u00f3s\u00e1ga: \u00d6nnek joga van adatai \u00e1thelyez\u00e9s\u00e9t k\u00e9rnie.<\/li>\r\n<li>Felel\u0151ss\u00e9get kiz\u00e1r\u00f3 nyilatkozat: \u00d6nnek jog\u00e1ban \u00e1ll kifog\u00e1st emelnie szem\u00e9lyes adatainak feldolgoz\u00e1sa ellen, ha az nem valamilyen k\u00f6z\u00e9rdekb\u0151l t\u00f6rt\u00e9nik.<\/li>\r\n<li>Emberi beavatkoz\u00e1ssal kapcsolatban: Joga van ellenezni, ha egy \u00d6nre vonatkoz\u00f3 d\u00f6nt\u00e9s kiz\u00e1r\u00f3lag automatikus feldolgoz\u00e1son alapul, ide\u00e9rtve a profilk\u00e9pz\u00e9st, ill. ha ez a d\u00f6nt\u00e9s jelent\u0151s jogk\u00f6vetkezm\u00e9nyekkel vagy egy\u00e9b hat\u00e1sokkal j\u00e1r \u00d6nre n\u00e9zve.E jogok b\u00e1rmelyik\u00e9nek gyakorl\u00e1s\u00e1hoz k\u00e9rj\u00fck, \u00edrjon a privacy@hbbody.com c\u00edmre.<\/li>\r\n<li>Ezenk\u00edv\u00fcl megjegyezz\u00fck, hogy szem\u00e9lyes adatait szerz\u0151d\u00e9sszer\u0171 k\u00f6vetelm\u00e9nyek teljes\u00edt\u00e9s\u00e9hez vagy a fentebb felsorolt jogszer\u0171 \u00fczleti \u00e9rdekeink miatt kezelj\u00fck.<\/li>\r\n<\/ul>\r\n\r\n\r\n\r\n<h3 class=\"wp-block-heading\">STORAGE DATA<\/h3>\r\n\r\n\r\n\r\n<p>Ezenk\u00edv\u00fcl megjegyezz\u00fck, hogy szem\u00e9lyes adatait szerz\u0151d\u00e9sszer\u0171 k\u00f6vetelm\u00e9nyek teljes\u00edt\u00e9s\u00e9hez vagy a fentebb felsorolt jogszer\u0171 \u00fczleti \u00e9rdekeink miatt kezelj\u00fck.CONTENT APPROPRIATE<br \/>Amikor a kapcsolatfelv\u00e9teli \u0171rlapon kereszt\u00fcl veszi fel vel\u00fcnk a kapcsolatot, akkor kapcsolatfelv\u00e9teli adatait meg\u0151rizz\u00fck sz\u00e1m\u00edt\u00f3g\u00e9pes rendszereinkben, kiv\u00e9ve, ha \u00d6n kifejezetten k\u00e9ri ezen inform\u00e1ci\u00f3k t\u00f6rl\u00e9s\u00e9t.<\/p>\r\n<p><span data-sheets-root=\"1\" data-sheets-value=\"{&quot;1&quot;:2,&quot;2&quot;:&quot;A jelen weboldal tartalma 8 \u00e9vn\u00e9l id\u0151sebb olvas\u00f3knak sz\u00f3l.&quot;}\" data-sheets-userformat=\"{&quot;2&quot;:12289,&quot;3&quot;:{&quot;1&quot;:0,&quot;3&quot;:1},&quot;15&quot;:&quot;Calibri&quot;,&quot;16&quot;:11}\" data-sheets-textstyleruns=\"{&quot;1&quot;:0,&quot;2&quot;:{&quot;3&quot;:&quot;Calibri&quot;,&quot;4&quot;:11}}\">A jelen weboldal tartalma 8 \u00e9vn\u00e9l id\u0151sebb olvas\u00f3knak sz\u00f3l.<\/span><\/p>\r\n\r\n\r\n\r\n\r\n\r\n<h3 class=\"wp-block-heading\">M\u00d3DOS\u00cdT\u00c1SOK<\/h3>\r\n\r\n\r\n\r\n<p>A jelen Adatv\u00e9delmi szab\u00e1lyzat m\u00f3dos\u00edthat\u00f3, hogy megfeleljen a nemzeti \u00e9s\/vagy eur\u00f3pai t\u00f6rv\u00e9nyek vagy a VEMAR m\u0171k\u00f6d\u00e9si elj\u00e1r\u00e1sai el\u0151\u00edr\u00e1sainak.<\/p>\r\n\r\n\r\n\r\n<h3 class=\"wp-block-heading\">KAPCSOLAT<\/h3>\r\n\r\n\r\n\r\n<p>Az alkalmazott adatv\u00e9delmi gyakorlatokra vonatkoz\u00f3 tov\u00e1bbi inform\u00e1ci\u00f3k\u00e9rt, ill. ha k\u00e9rd\u00e9se van, forduljon Adatv\u00e9delmi tisztvisel\u0151nkh\u00f6z e-mailben a privacy@hbbody.com. c\u00edmen.<\/p>\r\n","protected":false},"excerpt":{"rendered":"<p>Ez az oldal azokra a szem\u00e9lyes adataira vonatkoz\u00f3 adatkezel\u00e9si szab\u00e1lyzatot ismerteti, amelyek a www.vemarcoatings.com oldal felkeres\u00e9se sor\u00e1n ker\u00fclnek \u00f6sszegy\u0171jt\u00e9sre, felhaszn\u00e1l\u00e1sra \u00e9s megoszt\u00e1sra. AZ \u00c1LTALUNK GY\u0170JT\u00d6TT SZEM\u00c9LYES ADATOK Amikor ell\u00e1togat a honlapra, automatikusan inform\u00e1ci\u00f3kat gy\u0171jt\u00fcnk a k\u00e9sz\u00fcl\u00e9k\u00e9r\u0151l, ide\u00e9rtve a webb\u00f6ng\u00e9sz\u0151j\u00e9t, IP-c\u00edm\u00e9t, id\u0151z\u00f3n\u00e1j\u00e1t, ill. egyes, az \u00d6n k\u00e9sz\u00fcl\u00e9k\u00e9re telep\u00edtett s\u00fctikr\u0151l sz\u00f3l\u00f3 inform\u00e1ci\u00f3kat. Ezenk\u00edv\u00fcl inform\u00e1ci\u00f3t gy\u0171jt\u00fcnk az \u00d6n [&hellip;]<\/p>\n","protected":false},"author":1,"featured_media":0,"parent":0,"menu_order":0,"comment_status":"closed","ping_status":"closed","template":"","meta":{"_acf_changed":false,"inline_featured_image":false,"footnotes":""},"acf":[],"yoast_head":"<!-- This site is optimized with the Yoast SEO plugin v22.8 - https:\/\/yoast.com\/wordpress\/plugins\/seo\/ -->\n<title>Adatv\u00e9delem \u00e9s Felt\u00e9telek | Vemar Yacht Coatings<\/title>\n<meta name=\"description\" content=\"Olvassa el a Vemar Yacht Coatings adatv\u00e9delmi szab\u00e1lyzat\u00e1t \u00e9s felhaszn\u00e1l\u00e1si felt\u00e9teleit az \u00e1tl\u00e1that\u00f3s\u00e1g \u00e9s adatbiztons\u00e1g \u00e9rdek\u00e9ben.\" \/>\n<meta name=\"robots\" content=\"index, follow, max-snippet:-1, max-image-preview:large, max-video-preview:-1\" \/>\n<link rel=\"canonical\" href=\"https:\/\/vemarcoatings.com\/hu\/privacy-policy\/\" \/>\n<meta property=\"og:locale\" content=\"hu_HU\" \/>\n<meta property=\"og:type\" content=\"article\" \/>\n<meta property=\"og:title\" content=\"Adatv\u00e9delem \u00e9s Felt\u00e9telek | Vemar Yacht Coatings\" \/>\n<meta property=\"og:description\" content=\"Olvassa el a Vemar Yacht Coatings adatv\u00e9delmi szab\u00e1lyzat\u00e1t \u00e9s felhaszn\u00e1l\u00e1si felt\u00e9teleit az \u00e1tl\u00e1that\u00f3s\u00e1g \u00e9s adatbiztons\u00e1g \u00e9rdek\u00e9ben.\" \/>\n<meta property=\"og:url\" content=\"https:\/\/vemarcoatings.com\/hu\/privacy-policy\/\" \/>\n<meta property=\"og:site_name\" content=\"VEMAR\" \/>\n<meta property=\"article:modified_time\" content=\"2025-10-09T09:06:53+00:00\" \/>\n<meta name=\"twitter:card\" content=\"summary_large_image\" \/>\n<meta name=\"twitter:label1\" content=\"Becs\u00fclt olvas\u00e1si id\u0151\" \/>\n\t<meta name=\"twitter:data1\" content=\"4 perc\" \/>\n<script type=\"application\/ld+json\" class=\"yoast-schema-graph\">{\"@context\":\"https:\/\/schema.org\",\"@graph\":[{\"@type\":\"WebPage\",\"@id\":\"https:\/\/vemarcoatings.com\/hu\/privacy-policy\/\",\"url\":\"https:\/\/vemarcoatings.com\/hu\/privacy-policy\/\",\"name\":\"Adatv\u00e9delem \u00e9s Felt\u00e9telek | Vemar Yacht Coatings\",\"isPartOf\":{\"@id\":\"https:\/\/vemarcoatings.com\/hu\/#website\"},\"datePublished\":\"2019-09-17T09:57:54+00:00\",\"dateModified\":\"2025-10-09T09:06:53+00:00\",\"description\":\"Olvassa el a Vemar Yacht Coatings adatv\u00e9delmi szab\u00e1lyzat\u00e1t \u00e9s felhaszn\u00e1l\u00e1si felt\u00e9teleit az \u00e1tl\u00e1that\u00f3s\u00e1g \u00e9s adatbiztons\u00e1g \u00e9rdek\u00e9ben.\",\"inLanguage\":\"hu\",\"potentialAction\":[{\"@type\":\"ReadAction\",\"target\":[\"https:\/\/vemarcoatings.com\/hu\/privacy-policy\/\"]}]},{\"@type\":\"WebSite\",\"@id\":\"https:\/\/vemarcoatings.com\/hu\/#website\",\"url\":\"https:\/\/vemarcoatings.com\/hu\/\",\"name\":\"VEMAR\",\"description\":\"\u03a0\u03ac\u03b8\u03bf\u03c2 \u03b3\u03b9\u03b1 \u03c4\u03bf \u03c7\u03c1\u03ce\u03bc\u03b1. \u0391\u03b3\u03ac\u03c0\u03b7 \u03b3\u03b9\u03b1 \u03c4\u03b7 \u03b8\u03ac\u03bb\u03b1\u03c3\u03c3\u03b1.\",\"publisher\":{\"@id\":\"https:\/\/vemarcoatings.com\/hu\/#organization\"},\"potentialAction\":[{\"@type\":\"SearchAction\",\"target\":{\"@type\":\"EntryPoint\",\"urlTemplate\":\"https:\/\/vemarcoatings.com\/hu\/?s={search_term_string}\"},\"query-input\":\"required name=search_term_string\"}],\"inLanguage\":\"hu\"},{\"@type\":\"Organization\",\"@id\":\"https:\/\/vemarcoatings.com\/hu\/#organization\",\"name\":\"VEMAR\",\"url\":\"https:\/\/vemarcoatings.com\/hu\/\",\"logo\":{\"@type\":\"ImageObject\",\"inLanguage\":\"hu\",\"@id\":\"https:\/\/vemarcoatings.com\/hu\/#\/schema\/logo\/image\/\",\"url\":\"https:\/\/vemarcoatings.com\/wp-content\/uploads\/2019\/09\/vemar-logo.svg\",\"contentUrl\":\"https:\/\/vemarcoatings.com\/wp-content\/uploads\/2019\/09\/vemar-logo.svg\",\"width\":1,\"height\":1,\"caption\":\"VEMAR\"},\"image\":{\"@id\":\"https:\/\/vemarcoatings.com\/hu\/#\/schema\/logo\/image\/\"}}]}<\/script>\n<!-- \/ Yoast SEO plugin. -->","yoast_head_json":{"title":"Adatv\u00e9delem \u00e9s Felt\u00e9telek | Vemar Yacht Coatings","description":"Olvassa el a Vemar Yacht Coatings adatv\u00e9delmi szab\u00e1lyzat\u00e1t \u00e9s felhaszn\u00e1l\u00e1si felt\u00e9teleit az \u00e1tl\u00e1that\u00f3s\u00e1g \u00e9s adatbiztons\u00e1g \u00e9rdek\u00e9ben.","robots":{"index":"index","follow":"follow","max-snippet":"max-snippet:-1","max-image-preview":"max-image-preview:large","max-video-preview":"max-video-preview:-1"},"canonical":"https:\/\/vemarcoatings.com\/hu\/privacy-policy\/","og_locale":"hu_HU","og_type":"article","og_title":"Adatv\u00e9delem \u00e9s Felt\u00e9telek | Vemar Yacht Coatings","og_description":"Olvassa el a Vemar Yacht Coatings adatv\u00e9delmi szab\u00e1lyzat\u00e1t \u00e9s felhaszn\u00e1l\u00e1si felt\u00e9teleit az \u00e1tl\u00e1that\u00f3s\u00e1g \u00e9s adatbiztons\u00e1g \u00e9rdek\u00e9ben.","og_url":"https:\/\/vemarcoatings.com\/hu\/privacy-policy\/","og_site_name":"VEMAR","article_modified_time":"2025-10-09T09:06:53+00:00","twitter_card":"summary_large_image","twitter_misc":{"Becs\u00fclt olvas\u00e1si id\u0151":"4 perc"},"schema":{"@context":"https:\/\/schema.org","@graph":[{"@type":"WebPage","@id":"https:\/\/vemarcoatings.com\/hu\/privacy-policy\/","url":"https:\/\/vemarcoatings.com\/hu\/privacy-policy\/","name":"Adatv\u00e9delem \u00e9s Felt\u00e9telek | Vemar Yacht Coatings","isPartOf":{"@id":"https:\/\/vemarcoatings.com\/hu\/#website"},"datePublished":"2019-09-17T09:57:54+00:00","dateModified":"2025-10-09T09:06:53+00:00","description":"Olvassa el a Vemar Yacht Coatings adatv\u00e9delmi szab\u00e1lyzat\u00e1t \u00e9s felhaszn\u00e1l\u00e1si felt\u00e9teleit az \u00e1tl\u00e1that\u00f3s\u00e1g \u00e9s adatbiztons\u00e1g \u00e9rdek\u00e9ben.","inLanguage":"hu","potentialAction":[{"@type":"ReadAction","target":["https:\/\/vemarcoatings.com\/hu\/privacy-policy\/"]}]},{"@type":"WebSite","@id":"https:\/\/vemarcoatings.com\/hu\/#website","url":"https:\/\/vemarcoatings.com\/hu\/","name":"VEMAR","description":"\u03a0\u03ac\u03b8\u03bf\u03c2 \u03b3\u03b9\u03b1 \u03c4\u03bf \u03c7\u03c1\u03ce\u03bc\u03b1. \u0391\u03b3\u03ac\u03c0\u03b7 \u03b3\u03b9\u03b1 \u03c4\u03b7 \u03b8\u03ac\u03bb\u03b1\u03c3\u03c3\u03b1.","publisher":{"@id":"https:\/\/vemarcoatings.com\/hu\/#organization"},"potentialAction":[{"@type":"SearchAction","target":{"@type":"EntryPoint","urlTemplate":"https:\/\/vemarcoatings.com\/hu\/?s={search_term_string}"},"query-input":"required name=search_term_string"}],"inLanguage":"hu"},{"@type":"Organization","@id":"https:\/\/vemarcoatings.com\/hu\/#organization","name":"VEMAR","url":"https:\/\/vemarcoatings.com\/hu\/","logo":{"@type":"ImageObject","inLanguage":"hu","@id":"https:\/\/vemarcoatings.com\/hu\/#\/schema\/logo\/image\/","url":"https:\/\/vemarcoatings.com\/wp-content\/uploads\/2019\/09\/vemar-logo.svg","contentUrl":"https:\/\/vemarcoatings.com\/wp-content\/uploads\/2019\/09\/vemar-logo.svg","width":1,"height":1,"caption":"VEMAR"},"image":{"@id":"https:\/\/vemarcoatings.com\/hu\/#\/schema\/logo\/image\/"}}]}},"_links":{"self":[{"href":"https:\/\/vemarcoatings.com\/hu\/wp-json\/wp\/v2\/pages\/3424"}],"collection":[{"href":"https:\/\/vemarcoatings.com\/hu\/wp-json\/wp\/v2\/pages"}],"about":[{"href":"https:\/\/vemarcoatings.com\/hu\/wp-json\/wp\/v2\/types\/page"}],"author":[{"embeddable":true,"href":"https:\/\/vemarcoatings.com\/hu\/wp-json\/wp\/v2\/users\/1"}],"replies":[{"embeddable":true,"href":"https:\/\/vemarcoatings.com\/hu\/wp-json\/wp\/v2\/comments?post=3424"}],"version-history":[{"count":3,"href":"https:\/\/vemarcoatings.com\/hu\/wp-json\/wp\/v2\/pages\/3424\/revisions"}],"predecessor-version":[{"id":3427,"href":"https:\/\/vemarcoatings.com\/hu\/wp-json\/wp\/v2\/pages\/3424\/revisions\/3427"}],"wp:attachment":[{"href":"https:\/\/vemarcoatings.com\/hu\/wp-json\/wp\/v2\/media?parent=3424"}],"curies":[{"name":"wp","href":"https:\/\/api.w.org\/{rel}","templated":true}]}}